{"id":1060,"date":"2024-09-17T10:50:36","date_gmt":"2024-09-17T10:50:36","guid":{"rendered":"https:\/\/quincailleriemusicale.com\/?page_id=1060"},"modified":"2026-01-27T12:05:07","modified_gmt":"2026-01-27T12:05:07","slug":"aielo","status":"publish","type":"page","link":"https:\/\/quincailleriemusicale.com\/?page_id=1060","title":{"rendered":""},"content":{"rendered":"\t\t<div data-elementor-type=\"wp-page\" data-elementor-id=\"1060\" class=\"elementor elementor-1060\">\n\t\t\t\t\t\t<section class=\"elementor-section elementor-top-section elementor-element elementor-element-276207e elementor-section-boxed elementor-section-height-default elementor-section-height-default\" data-id=\"276207e\" data-element_type=\"section\">\n\t\t\t\t\t\t<div class=\"elementor-container elementor-column-gap-default\">\n\t\t\t\t\t<div class=\"elementor-column elementor-col-50 elementor-top-column elementor-element elementor-element-50ea967\" data-id=\"50ea967\" data-element_type=\"column\">\n\t\t\t<div class=\"elementor-widget-wrap elementor-element-populated\">\n\t\t\t\t\t\t<div class=\"elementor-element elementor-element-6954263 elementor-widget elementor-widget-heading\" data-id=\"6954263\" data-element_type=\"widget\" data-widget_type=\"heading.default\">\n\t\t\t\t<div class=\"elementor-widget-container\">\n\t\t\t\t\t<h2 class=\"elementor-heading-title elementor-size-default\">A\u00efelo<\/h2>\t\t\t\t<\/div>\n\t\t\t\t<\/div>\n\t\t\t\t<div class=\"elementor-element elementor-element-8638057 elementor-widget elementor-widget-text-editor\" data-id=\"8638057\" data-element_type=\"widget\" data-widget_type=\"text-editor.default\">\n\t\t\t\t<div class=\"elementor-widget-container\">\n\t\t\t\t\t\t\t\t\t<h2 class=\"elementor-heading-title elementor-size-default elementor-inline-editing pen\" contenteditable=\"true\" data-elementor-setting-key=\"title\" data-pen-placeholder=\"\u00c9crivez ici...\"># Folk &amp;F\u00e9minin\u00a0<\/h2>\t\t\t\t\t\t\t\t<\/div>\n\t\t\t\t<\/div>\n\t\t\t\t<div class=\"elementor-element elementor-element-96521b4 elementor-widget elementor-widget-text-editor\" data-id=\"96521b4\" data-element_type=\"widget\" data-widget_type=\"text-editor.default\">\n\t\t\t\t<div class=\"elementor-widget-container\">\n\t\t\t\t\t\t\t\t\t<h5><strong><a href=\"https:\/\/www.facebook.com\/profile.php?id=61564412715248\" target=\"_blank\" rel=\"noreferrer noopener\" aria-label=\"&quot;LES TYPES \u00e0 PIED (s\u2019ouvre dans un nouvel onglet)\">\u00ab\u00a0A\u00efelo\u00a0\u00bb<\/a> r\u00e9unit deux femmes complices. Arm\u00e9es de leurs voix envo\u00fbtantes et de leurs guitares, elles interpr\u00e8tent aussi bien des reprises que leurs propres compositions.<\/strong><\/h5>\t\t\t\t\t\t\t\t<\/div>\n\t\t\t\t<\/div>\n\t\t\t\t<div class=\"elementor-element elementor-element-a848353 elementor-widget elementor-widget-image\" data-id=\"a848353\" data-element_type=\"widget\" data-widget_type=\"image.default\">\n\t\t\t\t<div class=\"elementor-widget-container\">\n\t\t\t\t\t\t\t\t\t\t\t\t\t\t\t<img decoding=\"async\" src=\"https:\/\/quincailleriemusicale.com\/wp-content\/uploads\/2024\/09\/Aielo-Site-2.jpg\" title=\"A\u00efelo Site 2\" alt=\"A\u00efelo Site 2\" loading=\"lazy\" \/>\t\t\t\t\t\t\t\t\t\t\t\t\t\t\t<\/div>\n\t\t\t\t<\/div>\n\t\t\t\t<div class=\"elementor-element elementor-element-04b917c elementor-widget elementor-widget-text-editor\" data-id=\"04b917c\" data-element_type=\"widget\" data-widget_type=\"text-editor.default\">\n\t\t\t\t<div class=\"elementor-widget-container\">\n\t\t\t\t\t\t\t\t\t<p>Leurs performances sont marqu\u00e9es par une authenticit\u00e9 et une sensibilit\u00e9 qui captivent leur audience, offrant un voyage musical intime et \u00e9mouvant.<\/p><p>Avec A\u00efelo, chaque morceau devient une histoire \u00e0 part enti\u00e8re, port\u00e9e par deux voix qui se compl\u00e8tent et s&rsquo;enrichissent mutuellement, cr\u00e9ant une exp\u00e9rience sonore unique et inoubliable.<\/p>\t\t\t\t\t\t\t\t<\/div>\n\t\t\t\t<\/div>\n\t\t\t\t\t<\/div>\n\t\t<\/div>\n\t\t\t\t<div class=\"elementor-column elementor-col-50 elementor-top-column elementor-element elementor-element-8049390\" data-id=\"8049390\" data-element_type=\"column\">\n\t\t\t<div class=\"elementor-widget-wrap elementor-element-populated\">\n\t\t\t\t\t\t<div class=\"elementor-element elementor-element-cff5b35 elementor-widget elementor-widget-shortcode\" data-id=\"cff5b35\" data-element_type=\"widget\" data-widget_type=\"shortcode.default\">\n\t\t\t\t<div class=\"elementor-widget-container\">\n\t\t\t\t\t\t\t<div class=\"elementor-shortcode\">    <div style=\"margin:0 auto; text-align:left; font-family:Roboto, sans-serif;\">\n\n        <!-- Titre CONTACT -->\n        <h2 style=\"\n            margin:0 0 4px 0; \/* r\u00e9duit l'espace sous le titre *\/\n            font-family:Roboto, sans-serif;\n            font-size:16px;\n            font-weight:400;\n            letter-spacing:0.00em;\n            text-transform:uppercase;\n            color:#7A7A7A !important;\n        \">\n            CONTACT\n        <\/h2>\n\n        <!-- Trait bleu -->\n        <div style=\"\n            width:80px;\n            height:4px;\n            background:#58DFE9;\n            border-radius:2px;\n            margin-bottom:12px; \/* moins d'espace sous le titre *\/\n        \"><\/div>\n\n        <!-- Liste des infos avec ic\u00f4nes -->\n        <ul style=\"list-style:none;padding:0;margin:0;font-size:16px; letter-spacing:0.00em;\">\n            <!-- Nom avec lien t\u00e9l\u00e9phone -->\n            <li style=\"display:flex; align-items:center; margin-bottom:12px;\">\n                <a href=\"tel:0678979627\" style=\"color:#7A7A7A; font-weight:700; text-decoration:none; display:flex; align-items:center;\">\n                    <span style=\"margin-right:6px;\">\ud83d\udcde<\/span>\n                    Iris                <\/a>\n            <\/li>\n\n            <!-- Email avec ic\u00f4ne -->\n            <li style=\"display:flex; align-items:center; margin-bottom:12px;\">\n                <span style=\"color:#7A7A7A; font-weight:400; margin-right:6px;\">\ud83d\udce7<\/span>\n                <a href=\"mailto:aielo.castel@gmail.com\" style=\"color:#DC2626; text-decoration:underline;\">\n                    aielo.castel@gmail.com                <\/a>\n            <\/li>\n\n            <!-- Site web avec ic\u00f4ne -->\n                    <\/ul>\n    <\/div>\n    <\/div>\n\t\t\t\t\t\t<\/div>\n\t\t\t\t<\/div>\n\t\t\t\t<div class=\"elementor-element elementor-element-ee59357 e-grid-align-left elementor-shape-rounded elementor-grid-0 elementor-widget elementor-widget-social-icons\" data-id=\"ee59357\" data-element_type=\"widget\" data-widget_type=\"social-icons.default\">\n\t\t\t\t<div class=\"elementor-widget-container\">\n\t\t\t\t\t\t\t<div class=\"elementor-social-icons-wrapper elementor-grid\" role=\"list\">\n\t\t\t\t\t\t\t<span class=\"elementor-grid-item\" role=\"listitem\">\n\t\t\t\t\t<a class=\"elementor-icon elementor-social-icon elementor-social-icon-facebook elementor-repeater-item-4c05f9f\" href=\"https:\/\/www.facebook.com\/profile.php?id=61564412715248\" target=\"_blank\">\n\t\t\t\t\t\t<span class=\"elementor-screen-only\">Facebook<\/span>\n\t\t\t\t\t\t<i aria-hidden=\"true\" class=\"fab fa-facebook\"><\/i>\t\t\t\t\t<\/a>\n\t\t\t\t<\/span>\n\t\t\t\t\t\t\t<span class=\"elementor-grid-item\" role=\"listitem\">\n\t\t\t\t\t<a class=\"elementor-icon elementor-social-icon elementor-social-icon-instagram elementor-repeater-item-63c23d3\" href=\"https:\/\/www.instagram.com\/aielo.aielo?igsh=Zmk3cjdmMXNtamVr\" target=\"_blank\">\n\t\t\t\t\t\t<span class=\"elementor-screen-only\">Instagram<\/span>\n\t\t\t\t\t\t<i aria-hidden=\"true\" class=\"fab fa-instagram\"><\/i>\t\t\t\t\t<\/a>\n\t\t\t\t<\/span>\n\t\t\t\t\t<\/div>\n\t\t\t\t\t\t<\/div>\n\t\t\t\t<\/div>\n\t\t\t\t<div class=\"elementor-element elementor-element-1e4016c elementor-widget elementor-widget-shortcode\" data-id=\"1e4016c\" data-element_type=\"widget\" data-widget_type=\"shortcode.default\">\n\t\t\t\t<div class=\"elementor-widget-container\">\n\t\t\t\t\t\t\t<div class=\"elementor-shortcode\">\n    <div style=\"margin:24px 0 16px; text-align:left;\">\n        <h2 style=\"\n            margin:0;\n            font-family:Roboto, sans-serif;\n            font-size:16px;\n            font-weight:400;\n            letter-spacing:0.00em;\n            text-transform:uppercase;\n            color:#7A7A7A;\n        \">\n            Prochaines dates\n        <\/h2>\n        <div style=\"\n            width:80px;\n            height:4px;\n            background:#58DFE9;\n            border-radius:2px;\n            margin:8px 0 0;\n        \"><\/div>\n    <\/div>\n    <ul style=\"list-style:none;padding:0;margin:0 auto;max-width:620px;font-family:Arial;\">\n            <li style=\"\n            margin-bottom:12px;\n            padding:14px 16px;\n            background:#58DFE9;\n            border-radius:8px;\n            font-size:14px;\n            width:100%;\n            box-shadow: 0 2px 6px rgba(0,0,0,0.08);\n            transition: all 0.3s ease;\n        \">\n            <strong>16\/05\/2026<\/strong> \u2013\n                            <a href=\"https:\/\/www.google.com\/maps\/search\/?api=1&#038;query=BAR+DE+L%27ANGUILLE+Liesville-sur-Douve\" target=\"_blank\" style=\"color:#111827;text-decoration:underline;\">\n                    BAR DE L&#039;ANGUILLE                <\/a>\n                         (Liesville-sur-Douve \u2013 50)\n            <style>\n                li:hover {\n                    transform: translateY(-2px);\n                    box-shadow: 0 4px 12px rgba(0,0,0,0.12);\n                }\n            <\/style>\n        <\/li>\n            <li style=\"\n            margin-bottom:12px;\n            padding:14px 16px;\n            background:#caa7ff;\n            border-radius:8px;\n            font-size:14px;\n            width:100%;\n            box-shadow: 0 2px 6px rgba(0,0,0,0.08);\n            transition: all 0.3s ease;\n        \">\n            <strong>08\/07\/2026<\/strong> \u2013\n                            <a href=\"https:\/\/www.google.com\/maps\/search\/?api=1&#038;query=MARCHE+ESTIVALE+DE+PLOUESNAN+Plou%C3%A9nan\" target=\"_blank\" style=\"color:#111827;text-decoration:underline;\">\n                    MARCHE ESTIVALE DE PLOUESNAN                <\/a>\n                         (Plou\u00e9nan \u2013 29)\n            <style>\n                li:hover {\n                    transform: translateY(-2px);\n                    box-shadow: 0 4px 12px rgba(0,0,0,0.12);\n                }\n            <\/style>\n        <\/li>\n            <li style=\"\n            margin-bottom:12px;\n            padding:14px 16px;\n            background:#caa7ff;\n            border-radius:8px;\n            font-size:14px;\n            width:100%;\n            box-shadow: 0 2px 6px rgba(0,0,0,0.08);\n            transition: all 0.3s ease;\n        \">\n            <strong>18\/07\/2026<\/strong> \u2013\n                            <a href=\"https:\/\/www.google.com\/maps\/search\/?api=1&#038;query=LE+RIGAD%27EAU+Baden\" target=\"_blank\" style=\"color:#111827;text-decoration:underline;\">\n                    LE RIGAD&#039;EAU                <\/a>\n                         (Baden \u2013 56)\n            <style>\n                li:hover {\n                    transform: translateY(-2px);\n                    box-shadow: 0 4px 12px rgba(0,0,0,0.12);\n                }\n            <\/style>\n        <\/li>\n        <\/ul>\n\n    <\/div>\n\t\t\t\t\t\t<\/div>\n\t\t\t\t<\/div>\n\t\t\t\t<div class=\"elementor-element elementor-element-f99b734 e-transform elementor-widget elementor-widget-text-editor\" data-id=\"f99b734\" data-element_type=\"widget\" data-settings=\"{&quot;_transform_scale_effect_hover&quot;:{&quot;unit&quot;:&quot;px&quot;,&quot;size&quot;:1.1,&quot;sizes&quot;:[]},&quot;_transform_scale_effect_hover_tablet&quot;:{&quot;unit&quot;:&quot;px&quot;,&quot;size&quot;:&quot;&quot;,&quot;sizes&quot;:[]},&quot;_transform_scale_effect_hover_mobile&quot;:{&quot;unit&quot;:&quot;px&quot;,&quot;size&quot;:&quot;&quot;,&quot;sizes&quot;:[]}}\" data-widget_type=\"text-editor.default\">\n\t\t\t\t<div class=\"elementor-widget-container\">\n\t\t\t\t\t\t\t\t\t<p><a href=\"http:\/\/quincailleriemusicale.com\/wp-content\/uploads\/2026\/01\/Aielo-Dossier-de-presse-.pdf\" target=\"_blank\" rel=\"noopener\"><span style=\"text-decoration: underline;\">+ D&rsquo;INFOS SUR LE GROUPE ?<\/span><\/a><\/p>\t\t\t\t\t\t\t\t<\/div>\n\t\t\t\t<\/div>\n\t\t\t\t\t<\/div>\n\t\t<\/div>\n\t\t\t\t\t<\/div>\n\t\t<\/section>\n\t\t<div class=\"elementor-element elementor-element-f4318bb e-flex e-con-boxed e-con e-parent\" data-id=\"f4318bb\" data-element_type=\"container\">\n\t\t\t\t\t<div class=\"e-con-inner\">\n\t\t\t\t<div class=\"elementor-element elementor-element-5e801be elementor-widget elementor-widget-shortcode\" data-id=\"5e801be\" data-element_type=\"widget\" data-widget_type=\"shortcode.default\">\n\t\t\t\t<div class=\"elementor-widget-container\">\n\t\t\t\t\t\t\t<div class=\"elementor-shortcode\"><div style=\"text-align:center; padding:-20px 20px; position:relative;\">\n\n  <!-- Arabesque haut -->\n  <div style=\"\n    font-size:40px;\n    color:#ccc;\n    margin-bottom:-10px;\n  \">\n    \u2766 \u2767 \u2766\n  <\/div>\n\n  <!-- Titre -->\n  <h2 style=\"\n    font-family:'Parisienne', cursive;\n    font-size:48px;\n    color:#222;\n    margin-bottom:30px;\n  \">\n    Musique Folk & Intimiste\n  <\/h2>\n\n  <!-- Rang\u00e9e 1 : 2 vid\u00e9os YouTube plus fines -->\n  <div style=\"\n    display:flex;\n    justify-content:center;\n    gap:40px;\n    flex-wrap:wrap;\n    margin-bottom:30px;\n  \">\n    <!-- Vid\u00e9o 1 -->\n    <div style=\"\n      flex: 1 1 380px;\n      max-width:800px;\n      position:relative;\n      padding-top:43.75%; \/* 16:7 ratio plus fin *\/\n      border-radius:16px;\n      overflow:hidden;\n      box-shadow:0 12px 30px rgba(0,0,0,.18);\n    \">\n      <iframe src=\"https:\/\/www.youtube.com\/embed\/1SWRrCtX9Ok\" title=\"Video 1\" frameborder=\"0\" allowfullscreen style=\"\n        position:absolute;\n        top:0;\n        left:0;\n        width:100%;\n        height:100%;\n        border:0;\n      \"><\/iframe>\n    <\/div>\n\n    <!-- Vid\u00e9o 2 -->\n    <div style=\"\n      flex: 1 1 380px;\n      max-width:800px;\n      position:relative;\n      padding-top:43.75%; \/* 16:7 ratio plus fin *\/\n      border-radius:16px;\n      overflow:hidden;\n      box-shadow:0 12px 30px rgba(0,0,0,.18);\n    \">\n      <iframe src=\"https:\/\/www.youtube.com\/embed\/Wy6zkourA6o\" title=\"Video 2\" frameborder=\"0\" allowfullscreen style=\"\n        position:absolute;\n        top:0;\n        left:0;\n        width:100%;\n        height:100%;\n        border:0;\n      \"><\/iframe>\n    <\/div>\n  <\/div>\n\n  <!-- Rang\u00e9e 2 : 1 vid\u00e9o MP4, ratio 16:9 -->\n  <div style=\"\n    display:flex;\n    justify-content:center;\n  \">\n    <div style=\"\n      flex: 1 1 600px;\n      max-width:800px;\n      position:relative;\n      padding-top:56.25%; \/* 16:9 ratio classique *\/\n      border-radius:16px;\n      overflow:hidden;\n      box-shadow:0 12px 30px rgba(0,0,0,.18);\n    \">\n      <video controls style=\"\n        position:absolute;\n        top:0;\n        left:0;\n        width:100%;\n        height:100%;\n        border-radius:16px;\n      \">\n        <source src=\"http:\/\/quincailleriemusicale.com\/wp-content\/uploads\/2024\/09\/Aielo%20Vid\u00e9o%20pr\u00e9sentation.mp4\" type=\"video\/mp4\">\n        Votre navigateur ne supporte pas la vid\u00e9o.\n      <\/video>\n    <\/div>\n  <\/div>\n\n<\/div>\n<\/div>\n\t\t\t\t\t\t<\/div>\n\t\t\t\t<\/div>\n\t\t\t\t\t<\/div>\n\t\t\t\t<\/div>\n\t\t<div class=\"elementor-element elementor-element-1819200 e-flex e-con-boxed e-con e-parent\" data-id=\"1819200\" data-element_type=\"container\">\n\t\t\t\t\t<div class=\"e-con-inner\">\n\t\t\t\t<div class=\"elementor-element elementor-element-0b4ec73 elementor-widget elementor-widget-shortcode\" data-id=\"0b4ec73\" data-element_type=\"widget\" data-widget_type=\"shortcode.default\">\n\t\t\t\t<div class=\"elementor-widget-container\">\n\t\t\t\t\t\t\t<div class=\"elementor-shortcode\"><style>\n@import url('https:\/\/fonts.googleapis.com\/css2?family=Parisienne&family=Cormorant+Garamond:ital,wght@0,300;0,400;1,400&display=swap');\n\n@keyframes float1 {\n  0%,100% {transform:translateY(0);}\n  50% {transform:translateY(-8px);}\n}\n@keyframes float2 {\n  0%,100% {transform:translateY(-4px);}\n  50% {transform:translateY(6px);}\n}\n\n\/* \ud83d\udd39 FIX RESPONSIVE MOBILE UNIQUEMENT *\/\n@media (max-width: 768px) {\n  .galerie {\n    flex-direction: column;\n    gap: 22px;\n  }\n  .galerie img {\n    height: auto !important;\n    width: 90% !important;\n    max-width: 360px;\n  }\n}\n<\/style>\n\n<div style=\"text-align:center; padding:0px 0;\">\n\n  <div style=\"\n  font-family:'Cormorant Garamond', serif;\n  font-size:30px;\n  color:#aaa;\n  margin-bottom:0px;\n  \">\n    \u2766 \u2767 \u2766\n  <\/div>\n\n  <h2 style=\"\n  font-family:'Parisienne', cursive;\n  font-size:46px;\n  font-weight:400;\n  color:#222;\n  margin:0 0 40px;\n  \">\n    A d\u00e9couvrir en Live\n  <\/h2>\n\n  <!-- Galerie -->\n  <div class=\"galerie\" style=\"\n  display:flex;\n  gap:32px;\n  justify-content:center;\n  align-items:center;\n  \">\n\n    <div style=\"position:relative;animation:float1 8s ease-in-out infinite;\">\n      <img decoding=\"async\" \n        src=\"http:\/\/quincailleriemusicale.com\/wp-content\/uploads\/2026\/01\/597157873_122185662080480423_475895526773736585_n.jpg\"\n        style=\"\n        height:420px;\n        width:auto;\n        border-radius:18px;\n        box-shadow:0 12px 30px rgba(0,0,0,.18);\n        display:block;\n        \"\n        alt=\"Ai\u00eblo en concert\"\n      \/>\n    <\/div>\n\n    <div style=\"position:relative;animation:float2 8s ease-in-out infinite;\">\n      <img decoding=\"async\" \n        src=\"http:\/\/quincailleriemusicale.com\/wp-content\/uploads\/2026\/01\/591961161_122183917262480423_2880410210531467570_n.jpg\"\n        style=\"\n        height:420px;\n        width:auto;\n        border-radius:18px;\n        box-shadow:0 12px 30px rgba(0,0,0,.18);\n        display:block;\n        \"\n        alt=\"Ai\u00eblo live\"\n      \/>\n    <\/div>\n\n  <\/div>\n<\/div>\n<\/div>\n\t\t\t\t\t\t<\/div>\n\t\t\t\t<\/div>\n\t\t\t\t\t<\/div>\n\t\t\t\t<\/div>\n\t\t\t\t<\/div>\n\t\t","protected":false},"excerpt":{"rendered":"<p>A\u00efelo # Folk &amp;F\u00e9minin\u00a0 \u00ab\u00a0A\u00efelo\u00a0\u00bb r\u00e9unit deux femmes complices. Arm\u00e9es de leurs voix envo\u00fbtantes et de leurs guitares, elles interpr\u00e8tent aussi bien des reprises que leurs propres compositions. Leurs performances sont marqu\u00e9es par une authenticit\u00e9 et une sensibilit\u00e9 qui captivent leur audience, offrant un voyage musical intime et \u00e9mouvant. Avec A\u00efelo, chaque morceau devient une [&hellip;]<\/p>\n","protected":false},"author":1,"featured_media":1082,"parent":0,"menu_order":0,"comment_status":"closed","ping_status":"closed","template":"","meta":{"om_disable_all_campaigns":false,"_monsterinsights_skip_tracking":false,"_monsterinsights_sitenote_active":false,"_monsterinsights_sitenote_note":"","_monsterinsights_sitenote_category":0,"footnotes":""},"class_list":["post-1060","page","type-page","status-publish","has-post-thumbnail","hentry"],"aioseo_notices":[],"_links":{"self":[{"href":"https:\/\/quincailleriemusicale.com\/index.php?rest_route=\/wp\/v2\/pages\/1060","targetHints":{"allow":["GET"]}}],"collection":[{"href":"https:\/\/quincailleriemusicale.com\/index.php?rest_route=\/wp\/v2\/pages"}],"about":[{"href":"https:\/\/quincailleriemusicale.com\/index.php?rest_route=\/wp\/v2\/types\/page"}],"author":[{"embeddable":true,"href":"https:\/\/quincailleriemusicale.com\/index.php?rest_route=\/wp\/v2\/users\/1"}],"replies":[{"embeddable":true,"href":"https:\/\/quincailleriemusicale.com\/index.php?rest_route=%2Fwp%2Fv2%2Fcomments&post=1060"}],"version-history":[{"count":121,"href":"https:\/\/quincailleriemusicale.com\/index.php?rest_route=\/wp\/v2\/pages\/1060\/revisions"}],"predecessor-version":[{"id":1595,"href":"https:\/\/quincailleriemusicale.com\/index.php?rest_route=\/wp\/v2\/pages\/1060\/revisions\/1595"}],"wp:featuredmedia":[{"embeddable":true,"href":"https:\/\/quincailleriemusicale.com\/index.php?rest_route=\/wp\/v2\/media\/1082"}],"wp:attachment":[{"href":"https:\/\/quincailleriemusicale.com\/index.php?rest_route=%2Fwp%2Fv2%2Fmedia&parent=1060"}],"curies":[{"name":"wp","href":"https:\/\/api.w.org\/{rel}","templated":true}]}}